{"id":22,"date":"2016-10-06T20:11:54","date_gmt":"2016-10-06T18:11:54","guid":{"rendered":"http:\/\/cevenat.com\/?page_id=22"},"modified":"2016-11-10T19:13:49","modified_gmt":"2016-11-10T18:13:49","slug":"aromatherapie","status":"publish","type":"page","link":"https:\/\/www.cevenat.fr\/index.php\/aromatherapie\/","title":{"rendered":"Aromath\u00e9rapie"},"content":{"rendered":"<p align=\"center\"><span style=\"color: #a52a2a; font-size: x-large;\"><u><strong>Qu&rsquo;est-ce que l&rsquo;aromath\u00e9rapie?<\/strong><\/u><\/span><\/p>\n<p style=\"text-align: left;\" align=\"center\"><span style=\"font-size: large;\"><strong>L&rsquo;aromath\u00e9rapie est l&#8217;emploi des huiles essentielles ou des essences aromatiques v\u00e9g\u00e9tales par application sur la peau, par diffusion ou n\u00e9bulisation dans l&rsquo;atmosph\u00e8re, par voie orale, pure ou dilu\u00e9e. Elle fait partie int\u00e9grante de la phytoth\u00e9rapie moderne.<\/p>\n<p><a href=\"http:\/\/www.cevenat.fr\/index.php\/mode-demploi\/\">Mode d&#8217;emploi<\/a><br \/>\n<a href=\"http:\/\/www.cevenat.fr\/index.php\/faq\/\">FAQ<\/a><br \/>\n<a href=\"http:\/\/www.cevenat.fr\/index.php\/allergenes\/\">Allerg\u00e8nes<\/a><\/p>\n<p><\/strong><\/span><\/p>\n<p><strong><em><span style=\"color: #006400;\">Michel Vanhove <\/span><\/em><\/strong><\/p>\n<p align=\"center\"><img loading=\"lazy\" decoding=\"async\" class=\"alignnone size-full wp-image-177\" src=\"http:\/\/cevenat.com\/wp-content\/uploads\/2016\/10\/fles8.jpg\" alt=\"fles8\" width=\"390\" height=\"298\" srcset=\"https:\/\/www.cevenat.fr\/wp-content\/uploads\/2016\/10\/fles8.jpg 390w, https:\/\/www.cevenat.fr\/wp-content\/uploads\/2016\/10\/fles8-300x229.jpg 300w\" sizes=\"auto, (max-width: 390px) 85vw, 390px\" \/><\/p>\n<p align=\"center\"><strong><em>D\u00e9couvrez les couleurs de quelques huiles essentielles&#8230;<\/em><\/strong><\/p>\n","protected":false},"excerpt":{"rendered":"<p>Qu&rsquo;est-ce que l&rsquo;aromath\u00e9rapie? L&rsquo;aromath\u00e9rapie est l&#8217;emploi des huiles essentielles ou des essences aromatiques v\u00e9g\u00e9tales par application sur la peau, par diffusion ou n\u00e9bulisation dans l&rsquo;atmosph\u00e8re, par voie orale, pure ou dilu\u00e9e. Elle fait partie int\u00e9grante de la phytoth\u00e9rapie moderne. Mode d&#8217;emploi FAQ Allerg\u00e8nes Michel Vanhove D\u00e9couvrez les couleurs de quelques huiles essentielles&#8230;<\/p>\n","protected":false},"author":1,"featured_media":0,"parent":0,"menu_order":0,"comment_status":"closed","ping_status":"closed","template":"","meta":{"footnotes":""},"class_list":["post-22","page","type-page","status-publish","hentry"],"_links":{"self":[{"href":"https:\/\/www.cevenat.fr\/index.php\/wp-json\/wp\/v2\/pages\/22","targetHints":{"allow":["GET"]}}],"collection":[{"href":"https:\/\/www.cevenat.fr\/index.php\/wp-json\/wp\/v2\/pages"}],"about":[{"href":"https:\/\/www.cevenat.fr\/index.php\/wp-json\/wp\/v2\/types\/page"}],"author":[{"embeddable":true,"href":"https:\/\/www.cevenat.fr\/index.php\/wp-json\/wp\/v2\/users\/1"}],"replies":[{"embeddable":true,"href":"https:\/\/www.cevenat.fr\/index.php\/wp-json\/wp\/v2\/comments?post=22"}],"version-history":[{"count":4,"href":"https:\/\/www.cevenat.fr\/index.php\/wp-json\/wp\/v2\/pages\/22\/revisions"}],"predecessor-version":[{"id":295,"href":"https:\/\/www.cevenat.fr\/index.php\/wp-json\/wp\/v2\/pages\/22\/revisions\/295"}],"wp:attachment":[{"href":"https:\/\/www.cevenat.fr\/index.php\/wp-json\/wp\/v2\/media?parent=22"}],"curies":[{"name":"wp","href":"https:\/\/api.w.org\/{rel}","templated":true}]}}